{"id":1490,"date":"2013-09-19T15:47:21","date_gmt":"2013-09-19T13:47:21","guid":{"rendered":"http:\/\/mercagranada.es\/espaciosdisponibles\/?page_id=1490"},"modified":"2021-04-26T13:17:32","modified_gmt":"2021-04-26T11:17:32","slug":"recarga-electrica","status":"publish","type":"page","link":"http:\/\/new.mercagranada.es\/espaciosdisponibles\/servicios-mercagranada\/recarga-electrica\/","title":{"rendered":"Recarga Veh\u00edculos El\u00e9ctricos"},"content":{"rendered":"<p><img loading=\"lazy\" class=\"alignright wp-image-50586\" src=\"http:\/\/mercagranada.es\/espaciosdisponibles\/wp-content\/uploads\/2021\/04\/puntorecarga-1-244x300.png\" alt=\"Punto de Re\" width=\"219\" height=\"269\" srcset=\"http:\/\/new.mercagranada.es\/espaciosdisponibles\/wp-content\/uploads\/2021\/04\/puntorecarga-1-244x300.png 244w, http:\/\/new.mercagranada.es\/espaciosdisponibles\/wp-content\/uploads\/2021\/04\/puntorecarga-1.png 741w\" sizes=\"(max-width: 219px) 100vw, 219px\" \/><\/p>\n<p>La estaci\u00f3n de <strong>Mercagranada<\/strong> cuenta con tres torres de recarga EVBox modelo Business line. Cada una de ellas permite cargar de forma simult\u00e1nea dos veh\u00edculos. En total seis puntos de recarga.<\/p>\n<p>Los puntos de recarga instalados en la Unidad Alimentaria son del MODO 3, el sistema m\u00e1s usado y especialmente interesante para veh\u00edculos h\u00edbridos y coches 100% el\u00e9ctricos.<\/p>\n<p>El objetivo de esta estaci\u00f3n de recarga para veh\u00edculos el\u00e9ctricos, es dar visibilidad a los avances en materia de movilidad y energ\u00eda promovidos por Mercagranada, adem\u00e1s de sumar un nuevo servicio a los ya prestados. Se trata del \u00fanico punto de recarga en su entorno y es una apuesta de los <strong>Accionistas de Mercagranada (<a href=\"https:\/\/www.granada.org\/\">Ayuntamiento<\/a> y <a href=\"https:\/\/www.mercasa.es\/\">Mercasa<\/a>)<\/strong>\u00a0 por las energ\u00edas renovables y el cuidado del medio ambiente.<\/p>\n<p>Este avance forma parte de los planes de modernizaci\u00f3n y actualizaci\u00f3n de infraestructuras de <strong>Mercagranada<\/strong><\/p>\n<h3><span style=\"color: #008000;\"><em><strong>\u00bfC\u00d3MO PUEDO DISFRUTAR DE ESTE SERVICIO?<\/strong><\/em><\/span><\/h3>\n<p style=\"text-align: justify;\">Si desea utilizar nuestros <strong>PUNTOS DE RECARGA<\/strong> para veh\u00edculos el\u00e9ctricos, debe acceder al recinto y ponerse en contacto con el personal del puesto de control, quien le atender\u00e1 y activar\u00e1 el enganche para poder realizar la recarga. En caso de tener previsto realizar <em><strong>recargas de manera frecuente <\/strong><\/em>o para cualquier tipo de duda\/ consulta, puede ponerse en contacto con nosotros a trav\u00e9s <em><strong>tel\u00e9fono de Oficina: 958 276\u00a0300;<\/strong>\u00a0tel\u00e9fono de Mercado: 625 198 091 \u2013 625 198\u00a0092; Whatsapp: 625 198\u00a0092; email:\u00a0<\/em><strong><a href=\"mailto:info@mercagranada.es\">info@mercagranada.es<\/a><\/strong><\/p>\n<p>&nbsp;<\/p>\n","protected":false},"excerpt":{"rendered":"<p>La estaci\u00f3n de Mercagranada cuenta con tres torres de recarga EVBox modelo Business line. Cada una de ellas permite cargar de forma simult\u00e1nea dos veh\u00edculos. En total seis puntos de recarga. Los puntos de recarga instalados en la Unidad Alimentaria son del MODO 3, el sistema m\u00e1s usado y especialmente interesante para veh\u00edculos h\u00edbridos y [&hellip;]<\/p>\n","protected":false},"author":1,"featured_media":0,"parent":949,"menu_order":0,"comment_status":"open","ping_status":"closed","template":"page_sidebar.php","meta":[],"_links":{"self":[{"href":"http:\/\/new.mercagranada.es\/espaciosdisponibles\/wp-json\/wp\/v2\/pages\/1490"}],"collection":[{"href":"http:\/\/new.mercagranada.es\/espaciosdisponibles\/wp-json\/wp\/v2\/pages"}],"about":[{"href":"http:\/\/new.mercagranada.es\/espaciosdisponibles\/wp-json\/wp\/v2\/types\/page"}],"author":[{"embeddable":true,"href":"http:\/\/new.mercagranada.es\/espaciosdisponibles\/wp-json\/wp\/v2\/users\/1"}],"replies":[{"embeddable":true,"href":"http:\/\/new.mercagranada.es\/espaciosdisponibles\/wp-json\/wp\/v2\/comments?post=1490"}],"version-history":[{"count":26,"href":"http:\/\/new.mercagranada.es\/espaciosdisponibles\/wp-json\/wp\/v2\/pages\/1490\/revisions"}],"predecessor-version":[{"id":50591,"href":"http:\/\/new.mercagranada.es\/espaciosdisponibles\/wp-json\/wp\/v2\/pages\/1490\/revisions\/50591"}],"up":[{"embeddable":true,"href":"http:\/\/new.mercagranada.es\/espaciosdisponibles\/wp-json\/wp\/v2\/pages\/949"}],"wp:attachment":[{"href":"http:\/\/new.mercagranada.es\/espaciosdisponibles\/wp-json\/wp\/v2\/media?parent=1490"}],"curies":[{"name":"wp","href":"https:\/\/api.w.org\/{rel}","templated":true}]}}