{"id":8874,"date":"2017-06-05T14:22:18","date_gmt":"2017-06-05T12:22:18","guid":{"rendered":"http:\/\/mercagranada.es\/?page_id=8874"},"modified":"2018-08-27T10:39:35","modified_gmt":"2018-08-27T08:39:35","slug":"mercagranada-comprometida-la-cultura","status":"publish","type":"page","link":"http:\/\/new.mercagranada.es\/espaciosdisponibles\/mercagranada-comprometida-la-cultura\/","title":{"rendered":"MERCAGRANADA COMPROMETIDA CON LA CULTURA"},"content":{"rendered":"<p><img loading=\"lazy\" class=\" wp-image-8886 alignright\" src=\"http:\/\/mercagranada.es\/espaciosdisponibles\/wp-content\/uploads\/2017\/06\/mercagranada-logotipo-cultura-01.jpg\" alt=\"MercaGranada con la cultura\" width=\"378\" height=\"413\" srcset=\"http:\/\/new.mercagranada.es\/espaciosdisponibles\/wp-content\/uploads\/2017\/06\/mercagranada-logotipo-cultura-01.jpg 838w, http:\/\/new.mercagranada.es\/espaciosdisponibles\/wp-content\/uploads\/2017\/06\/mercagranada-logotipo-cultura-01-274x300.jpg 274w, http:\/\/new.mercagranada.es\/espaciosdisponibles\/wp-content\/uploads\/2017\/06\/mercagranada-logotipo-cultura-01-768x839.jpg 768w\" sizes=\"(max-width: 378px) 100vw, 378px\" \/><\/p>\n<h3><strong>Festival Internacional de M\u00fasica y Danza de Granada<\/strong><\/h3>\n<p>Segundo a\u00f1o en el que participamos en esta l\u00ednea de trabajo y se ha colaborado en la 66 edici\u00f3n del Festival Internacional de M\u00fasica y Danza de Granada<\/p>\n<p>Con una ocupaci\u00f3n del 94% del aforo puesto a la venta, el Festival Internacional de M\u00fasica y Danza de Granada ingres\u00f3 por taquilla 960.579 euros. Se han celebrado en total 107 actividades a lo largo de 27 d\u00edas en el Festival y en el FEX, 66 actividades.<\/p>\n<p>&nbsp;<\/p>\n<table>\n<tbody>\n<tr>\n<td colspan=\"2\"><strong>INDICADORES DE LA\u00a0<\/strong><b>ACCI\u00d3N<\/b><\/td>\n<\/tr>\n<tr>\n<td width=\"267\">\n<p>N\u00ba de participantes<\/p>\n<p>Festival<\/p>\n<p>FEX<\/p>\n<p>Cursos Manuel de Falla<\/p>\n<p>Facebook:<\/p>\n<p>&nbsp;<\/p>\n<p>Twitter:<\/p>\n<p>Blog:<\/td>\n<td width=\"242\">\n<p>&nbsp;<\/p>\n<p>56.728 espectadores<\/p>\n<p>30.974 espectadores<\/p>\n<p>297 alumnos<\/p>\n<p>13.709 seguidores<\/p>\n<p>9.338 seguidores<\/p>\n<p>402 publicaciones; 72 suscriptores<\/td>\n<\/tr>\n<tr>\n<td>Recursos destinados a la Comunidad<\/td>\n<td>6.101 euros<\/td>\n<\/tr>\n<\/tbody>\n<\/table>\n<p>&nbsp;<\/p>\n<p>&nbsp;<\/p>\n<ul>\n<li>\n<h3><strong>Colaboraci\u00f3n con la OCG<\/strong> (Orquesta Ciudad de Granada):<\/h3>\n<\/li>\n<\/ul>\n<p>Patrocinio exclusivo de Talleres familiares de la OCG, han sido en total 7, cada uno de ellos ha tenido una asistencia del entorno de los 150-200 personas en colaboraci\u00f3n con el Centro Federico Garc\u00eda.<\/p>\n<p>Cada taller se ha difundido en prensa local y medios de Mercagranada.<\/p>\n<table>\n<tbody>\n<tr>\n<td colspan=\"2\"><strong>INDICADORES DE LA ACCION<\/strong><\/td>\n<\/tr>\n<tr>\n<td width=\"267\">N\u00ba de participantes<\/td>\n<td width=\"242\">1.400 espectadores<\/td>\n<\/tr>\n<tr>\n<td>Recursos destinados a la Comunidad<\/td>\n<td>2.500 euros<\/td>\n<\/tr>\n<\/tbody>\n<\/table>\n<p><strong>\u00a0<\/strong><\/p>\n<ul>\n<li>\n<h3><strong>Navidad en Mercagranada y Cabalgata de Reyes<\/strong>:<\/h3>\n<\/li>\n<\/ul>\n<p>Para promocionar la imagen de marca de Mercagranada ante los grupos de inter\u00e9s clientes y sociedad, se realizaron acciones dentro de la Unidad Alimentaria y se particip\u00f3 en la Cabalgata de Reyes de la ciudad.<\/p>\n<p>Se difundieron mensajes para apoyar el comercio de cercan\u00eda como <strong>#compraentubarrio #invierteensalud.<\/strong><\/p>\n<table width=\"556\">\n<tbody>\n<tr>\n<td width=\"360\">\n<p>Recursos destinados a la Comunidad<\/p>\n<p>&#8211; Campa\u00f1a Navide\u00f1a<\/p>\n<p>&#8211; Cabalgata de Reyes<\/td>\n<td width=\"196\">\n<p>1.826 euros<\/p>\n<p>4.266 euros<\/td>\n<\/tr>\n<\/tbody>\n<\/table>\n<p><strong>\u00a0<\/strong><\/p>\n<p>&nbsp;<\/p>\n","protected":false},"excerpt":{"rendered":"<p>Festival Internacional de M\u00fasica y Danza de Granada Segundo a\u00f1o en el que participamos en esta l\u00ednea de trabajo y se ha colaborado en la 66 edici\u00f3n del Festival Internacional de M\u00fasica y Danza de Granada Con una ocupaci\u00f3n del 94% del aforo puesto a la venta, el Festival Internacional de M\u00fasica y Danza de [&hellip;]<\/p>\n","protected":false},"author":1,"featured_media":0,"parent":0,"menu_order":0,"comment_status":"closed","ping_status":"closed","template":"page_sidebar.php","meta":[],"_links":{"self":[{"href":"http:\/\/new.mercagranada.es\/espaciosdisponibles\/wp-json\/wp\/v2\/pages\/8874"}],"collection":[{"href":"http:\/\/new.mercagranada.es\/espaciosdisponibles\/wp-json\/wp\/v2\/pages"}],"about":[{"href":"http:\/\/new.mercagranada.es\/espaciosdisponibles\/wp-json\/wp\/v2\/types\/page"}],"author":[{"embeddable":true,"href":"http:\/\/new.mercagranada.es\/espaciosdisponibles\/wp-json\/wp\/v2\/users\/1"}],"replies":[{"embeddable":true,"href":"http:\/\/new.mercagranada.es\/espaciosdisponibles\/wp-json\/wp\/v2\/comments?post=8874"}],"version-history":[{"count":8,"href":"http:\/\/new.mercagranada.es\/espaciosdisponibles\/wp-json\/wp\/v2\/pages\/8874\/revisions"}],"predecessor-version":[{"id":12312,"href":"http:\/\/new.mercagranada.es\/espaciosdisponibles\/wp-json\/wp\/v2\/pages\/8874\/revisions\/12312"}],"wp:attachment":[{"href":"http:\/\/new.mercagranada.es\/espaciosdisponibles\/wp-json\/wp\/v2\/media?parent=8874"}],"curies":[{"name":"wp","href":"https:\/\/api.w.org\/{rel}","templated":true}]}}